{"version":"1.0","provider_name":"\u00d6DP Landshut","provider_url":"https:\/\/oedp-la.de\/oedp","author_name":"hh","author_url":"https:\/\/oedp-la.de\/oedp\/blog\/author\/heiko_helmbrecht\/","title":"Wachstum ist das Problem, nicht die L\u00f6sung - \u00d6DP Landshut","type":"rich","width":600,"height":338,"html":"<blockquote class=\"wp-embedded-content\" data-secret=\"3Hpjg5k0XY\"><a href=\"https:\/\/oedp-la.de\/oedp\/event\/wachstum-ist-das-problem-nicht-die-loesung\/\">Wachstum ist das Problem, nicht die L\u00f6sung<\/a><\/blockquote><iframe sandbox=\"allow-scripts\" security=\"restricted\" src=\"https:\/\/oedp-la.de\/oedp\/event\/wachstum-ist-das-problem-nicht-die-loesung\/embed\/#?secret=3Hpjg5k0XY\" width=\"600\" height=\"338\" title=\"&#8222;Wachstum ist das Problem, nicht die L\u00f6sung&#8220; &#8211; \u00d6DP Landshut\" data-secret=\"3Hpjg5k0XY\" frameborder=\"0\" marginwidth=\"0\" marginheight=\"0\" scrolling=\"no\" class=\"wp-embedded-content\"><\/iframe><script>\n\/*! This file is auto-generated *\/\n!function(d,l){\"use strict\";l.querySelector&&d.addEventListener&&\"undefined\"!=typeof URL&&(d.wp=d.wp||{},d.wp.receiveEmbedMessage||(d.wp.receiveEmbedMessage=function(e){var t=e.data;if((t||t.secret||t.message||t.value)&&!\/[^a-zA-Z0-9]\/.test(t.secret)){for(var s,r,n,a=l.querySelectorAll('iframe[data-secret=\"'+t.secret+'\"]'),o=l.querySelectorAll('blockquote[data-secret=\"'+t.secret+'\"]'),c=new RegExp(\"^https?:$\",\"i\"),i=0;i<o.length;i++)o[i].style.display=\"none\";for(i=0;i<a.length;i++)s=a[i],e.source===s.contentWindow&&(s.removeAttribute(\"style\"),\"height\"===t.message?(1e3<(r=parseInt(t.value,10))?r=1e3:~~r<200&&(r=200),s.height=r):\"link\"===t.message&&(r=new URL(s.getAttribute(\"src\")),n=new URL(t.value),c.test(n.protocol))&&n.host===r.host&&l.activeElement===s&&(d.top.location.href=t.value))}},d.addEventListener(\"message\",d.wp.receiveEmbedMessage,!1),l.addEventListener(\"DOMContentLoaded\",function(){for(var e,t,s=l.querySelectorAll(\"iframe.wp-embedded-content\"),r=0;r<s.length;r++)(t=(e=s[r]).getAttribute(\"data-secret\"))||(t=Math.random().toString(36).substring(2,12),e.src+=\"#?secret=\"+t,e.setAttribute(\"data-secret\",t)),e.contentWindow.postMessage({message:\"ready\",secret:t},\"*\")},!1)))}(window,document);\n<\/script>\n","thumbnail_url":"https:\/\/oedp-la.de\/oedp\/wp-content\/uploads\/2023\/06\/wachstum-re.jpg","thumbnail_width":1024,"thumbnail_height":512,"description":"Der Bildungsreferent und Landesbeauftragte der bayerischen \u00d6DP, Bernhard Suttner aus Windberg (Landkreis Straubing-Bogen), vertritt die These, dass weiteres wirtschaftliches Wachstum auch in seiner jetzt propagierten \u201egr\u00fcnen\u201c Ausrichtung nicht nur unn\u00f6tig, sondern vor allem extrem sch\u00e4dlich f\u00fcr den Erhalt der \u00f6kologischen und psychologischen Lebensgrundlagen ist. Er sieht im sog. Wachstum derWirtschaft einen \u201eplanetaren Auszehrungsprozess\u201c, der f\u00fcr die gro\u00dfen Weltprobleme Klima\u00fcberhitzung und Artenverarmung ebenso verantwortlich ist wie f\u00fcr das soziale Elend in gro\u00dfen Teilen des globalen S\u00fcdens."}