{"id":19293,"date":"2023-06-11T16:36:24","date_gmt":"2023-06-11T14:36:24","guid":{"rendered":"https:\/\/oedp-la.de\/oedp\/?post_type=tribe_events&#038;p=19293"},"modified":"2023-06-11T16:45:34","modified_gmt":"2023-06-11T14:45:34","slug":"wachstum-ist-das-problem-nicht-die-loesung","status":"publish","type":"tribe_events","link":"https:\/\/oedp-la.de\/oedp\/event\/wachstum-ist-das-problem-nicht-die-loesung\/","title":{"rendered":"Wachstum ist das Problem, nicht die L\u00f6sung"},"content":{"rendered":"<div  class=\"tribe-events-schedule tribe-clearfix\" >\n\t<h2 class=\"tribe-events-schedule__datetime\">\n\t\t<span class=\"tribe-events-schedule__date tribe-events-schedule__date--start\">\n\t\t\t20. Juni 2023\t\t<\/span>\n\n\t\t\t\t\t<span class=\"tribe-events-schedule__separator tribe-events-schedule__separator--date\">\n\t\t\t\t | \t\t\t<\/span>\n\t\t\t<span class=\"tribe-events-schedule__time tribe-events-schedule__time--start\">\n\t\t\t\t19:30\t\t\t<\/span>\n\t\t\n\t\t\t\t\t\t\t\t\t<span class=\"tribe-events-schedule__separator tribe-events-schedule__separator--time\">\n\t\t\t\t\t &#8211; \t\t\t\t<\/span>\n\t\t\t\n\t\t\t\t\t\t\t<span class=\"tribe-events-schedule__time tribe-events-schedule__time--end\">\n\t\t\t\t\t21:30\t\t\t\t<\/span>\n\t\t\t\n\t\t\t\t\t\t<\/h2>\n<\/div>\n\n\n<div class=\"gb-container gb-container-d0eddf23\">\n<div class=\"gb-container gb-container-91a249ea\">\n\n<div class=\"wp-block-columns is-layout-flex wp-container-core-columns-layout-1 wp-block-columns-is-layout-flex\">\n<div class=\"wp-block-column is-layout-flow wp-block-column-is-layout-flow\">\n<p>Die Kritik am Konzept st\u00e4ndigen Wachstums von Produktion und Konsum nimmt in der Wissenschaft stetig zu. In der Politik ist die Wachstumskritik aber noch immer nicht angekommen. Die st\u00e4ndige Steigerung des materiellen Wohlstandes gilt in<br>Parlamenten und Regierungen nach wie vor als selbstverst\u00e4ndliches und unverzichtbares Ziel.<\/p>\n\n\n\n<p>Der Bildungsreferent und Landesbeauftragte der bayerischen \u00d6DP, Bernhard Suttner aus Windberg (Landkreis Straubing-Bogen), vertritt die These, dass weiteres wirtschaftliches Wachstum auch in seiner jetzt propagierten \u201egr\u00fcnen\u201c Ausrichtung nicht nur unn\u00f6tig, sondern vor allem extrem sch\u00e4dlich f\u00fcr den Erhalt der \u00f6kologischen und psychologischen Lebensgrundlagen ist. Er sieht im sog. Wachstum der<br>Wirtschaft einen \u201eplanetaren Auszehrungsprozess\u201c, der f\u00fcr die gro\u00dfen Weltprobleme Klima\u00fcberhitzung und Artenverarmung ebenso verantwortlich ist wie f\u00fcr das soziale Elend in gro\u00dfen Teilen des globalen S\u00fcdens.<\/p>\n\n\n\n<p>Die L\u00f6sung sieht Suttner in einer konsequenten Ausrichtung der Wirtschafts- und Steuerpolitik am Gemeinwohl. Vor allem aber m\u00fcsse die Reduzierung von Mengen, Anspr\u00fcchen und Aufw\u00e4nden enttabuisiert werden.<\/p>\n\n\n\n<p>Die \u00d6DP bittet um Platzreservierung, entweder per E-Mail an <a href=\"mailto:landshut@oedp.de\">landshut@oedp.de<\/a> oder per Telefon (0871) 2767 8351 oder gleich hier online per WEB-Formular.<\/p>\n<\/div>\n\n\n\n<div class=\"wp-block-column is-layout-flow wp-block-column-is-layout-flow\">\n<figure class=\"wp-block-image size-large\"><img loading=\"lazy\" decoding=\"async\" width=\"1024\" height=\"578\" src=\"https:\/\/oedp-la.de\/oedp\/wp-content\/uploads\/2023\/06\/bsuttner-16x9-sm-1024x578.jpg\" alt=\"Bild von Bernhard Suttner (\u00d6DP Landesbeauftragter Grundsatzfragen)\" class=\"wp-image-19295\" srcset=\"https:\/\/oedp-la.de\/oedp\/wp-content\/uploads\/2023\/06\/bsuttner-16x9-sm-1024x578.jpg 1024w, https:\/\/oedp-la.de\/oedp\/wp-content\/uploads\/2023\/06\/bsuttner-16x9-sm-300x169.jpg 300w, https:\/\/oedp-la.de\/oedp\/wp-content\/uploads\/2023\/06\/bsuttner-16x9-sm-768x434.jpg 768w, https:\/\/oedp-la.de\/oedp\/wp-content\/uploads\/2023\/06\/bsuttner-16x9-sm-1536x867.jpg 1536w, https:\/\/oedp-la.de\/oedp\/wp-content\/uploads\/2023\/06\/bsuttner-16x9-sm-2048x1156.jpg 2048w\" sizes=\"(max-width: 1024px) 100vw, 1024px\" \/><\/figure>\n\n\n\n<p><\/p>\n\n\n<\/div>\n<\/div>\n\n<\/div>\n<\/div>\n\n<div  class=\"tribe-block tribe-block__organizer__details tribe-clearfix\" >\n\t<div class=\"tribe-block__organizer__title\">\n\t\t<h3>\u00d6DP Kreisverband Landshut<\/h3>\n\t<\/div>\n\t\t\t<\/div>\n\n\n<div  class=\"tribe-block tribe-block__venue tribe-clearfix\" >\n\t\n\t\n<div class=\"tribe-block__venue__meta\">\n\t<div class=\"tribe-block__venue__name\">\n\t\t<h3>Tafernwirtschaft Sch\u00f6nbrunn<\/h3>\n\t<\/div>\n\n\t\n\t\t\t<address class=\"tribe-block__venue__address\">\n\t\t\t<span class=\"tribe-address\">\n\n<span class=\"tribe-street-address\">Sch\u00f6nbrunn 1<\/span>\n\t\n\t\t<br>\n\t\t<span class=\"tribe-locality\">Landshut<\/span><span class=\"tribe-delimiter\">,<\/span>\n\n\t<abbr class=\"tribe-region tribe-events-abbr\" title=\"Bayern\">Bayern<\/abbr>\n\n\t<span class=\"tribe-postal-code\">84036<\/span>\n\n\t<span class=\"tribe-country-name\">Deutschland<\/span>\n\n<\/span>\n\n\t\t\t\t\t<\/address>\n\t\n\t\n\t\t\t<span class=\"tribe-block__venue__website\"><a href=\"https:\/\/www.hotel-schoenbrunn.de\/\" target=\"_self\" rel=\"external\">Veranstaltungsort-Website anzeigen<\/a><\/span><br \/>\n\t\n\t<\/div>\n\t\n\t<\/div>\n\n\n\t<div  class=\"tribe-block tribe-block__events-link\" >\n\t\t<div class=\"tribe-events tribe-common\">\n\t\t\t<div class=\"tribe-events-c-subscribe-dropdown__container\">\n\t\t\t\t<div class=\"tribe-events-c-subscribe-dropdown\">\n\t\t\t\t\t<div class=\"tribe-common-c-btn-border tribe-events-c-subscribe-dropdown__button\">\n\t\t\t\t\t\t<svg  class=\"tribe-common-c-svgicon tribe-common-c-svgicon--cal-export tribe-events-c-subscribe-dropdown__export-icon\"  viewBox=\"0 0 23 17\" xmlns=\"http:\/\/www.w3.org\/2000\/svg\">\n  <path fill-rule=\"evenodd\" clip-rule=\"evenodd\" d=\"M.128.896V16.13c0 .211.145.383.323.383h15.354c.179 0 .323-.172.323-.383V.896c0-.212-.144-.383-.323-.383H.451C.273.513.128.684.128.896Zm16 6.742h-.901V4.679H1.009v10.729h14.218v-3.336h.901V7.638ZM1.01 1.614h14.218v2.058H1.009V1.614Z\" \/>\n  <path d=\"M20.5 9.846H8.312M18.524 6.953l2.89 2.909-2.855 2.855\" stroke-width=\"1.2\" stroke-linecap=\"round\" stroke-linejoin=\"round\"\/>\n<\/svg>\n\t\t\t\t\t\t<button\n\t\t\t\t\t\t\tclass=\"tribe-events-c-subscribe-dropdown__button-text\"\n\t\t\t\t\t\t\taria-expanded=\"false\"\n\t\t\t\t\t\t\taria-controls=\"tribe-events-subscribe-dropdown-content\"\n\t\t\t\t\t\t\taria-label=\"\"\n\t\t\t\t\t\t>\n\t\t\t\t\t\t\tZum Kalender hinzuf\u00fcgen\t\t\t\t\t\t<\/button>\n\t\t\t\t\t\t<svg  class=\"tribe-common-c-svgicon tribe-common-c-svgicon--caret-down tribe-events-c-subscribe-dropdown__button-icon\"  viewBox=\"0 0 10 7\" xmlns=\"http:\/\/www.w3.org\/2000\/svg\" aria-hidden=\"true\"><path fill-rule=\"evenodd\" clip-rule=\"evenodd\" d=\"M1.008.609L5 4.6 8.992.61l.958.958L5 6.517.05 1.566l.958-.958z\" class=\"tribe-common-c-svgicon__svg-fill\"\/><\/svg>\n\t\t\t\t\t<\/div>\n\t\t\t\t\t<div id=\"tribe-events-subscribe-dropdown-content\" class=\"tribe-events-c-subscribe-dropdown__content\">\n\t\t\t\t\t\t<ul class=\"tribe-events-c-subscribe-dropdown__list\">\n\t\t\t\t\t\t\t\t\t\t\t\t\t\t\t<li class=\"tribe-events-c-subscribe-dropdown__list-item\">\n\t\t\t\t\t\t\t\t\t<a\n\t\t\t\t\t\t\t\t\t\thref=\"https:\/\/www.google.com\/calendar\/event?action=TEMPLATE&#038;dates=20230620T193000\/20230620T213000&#038;text=Wachstum%20ist%20das%20Problem%2C%20nicht%20die%20L%C3%B6sung&#038;details=%3Cdiv+class%3D%22wp-block-columns%22%3E%3Cdiv+class%3D%22wp-block-column%22%3E%3Cp%3EDie+Kritik+am+Konzept+st%C3%A4ndigen+Wachstums+von+Produktion+und+Konsum+nimmt+in+der+Wissenschaft+stetig+zu.+In+der+Politik+ist+die+Wachstumskritik+aber+noch+immer+nicht+angekommen.+Die+st%C3%A4ndige+Steigerung+des+materiellen+Wohlstandes+gilt+in%3Cbr+%2F%3EParlamenten+und+Regierungen+nach+wie+vor+als+selbstverst%C3%A4ndliches+und+unverzichtbares+Ziel.%3C%2Fp%3E+%3Cp%3EDer+Bildungsreferent+und+Landesbeauftragte+der+bayerischen+%C3%96DP%2C+Bernhard+Suttner+aus+Windberg+%28Landkreis+Straubing-Bogen%29%2C+vertritt+die+These%2C+dass+weiteres+wirtschaftliches+Wachstum+auch+in+seiner+jetzt+propagierten+%E2%80%9Egr%C3%BCnen%E2%80%9C+Ausrichtung+nicht+nur+unn%C3%B6tig%2C+sondern+vor+allem+extrem+sch%C3%A4dlich+f%C3%BCr+den+Erhalt+der+%C3%B6kologischen+und+psychologischen+Lebensgrundlagen+ist.+Er+sieht+im+sog.+Wachstum+der%3Cbr+%2F%3EWirtschaft+einen+%E2%80%9Eplanetaren+Auszehrungsprozess%E2%80%9C%2C+der+f%C3%BCr+die+gro%C3%9Fen+Weltprobleme+Klima%C3%BCberhitzung+und+Artenverarmung+ebenso+verantwortlich+ist+wie+f%C3%BCr+das+soziale%3C%2Fp%3E%3C%2Fdiv%3E%3C%2Fdiv%3E+%28Zeige+vollst%C3%A4ndige+Veranstaltung-Beschreibung+hier+an%3A+https%3A%2F%2Foedp-la.de%2Foedp%2Fevent%2Fwachstum-ist-das-problem-nicht-die-loesung%2F%29&#038;location=Tafernwirtschaft%20Sch\u00f6nbrunn,%20Sch\u00f6nbrunn%201,%20Landshut,%20Bayern,%2084036,%20Deutschland&#038;trp=false&#038;ctz=Europe\/Berlin&#038;sprop=website:https:\/\/oedp-la.de\/oedp\"\n\t\t\t\t\t\t\t\t\t\tclass=\"tribe-events-c-subscribe-dropdown__list-item-link\"\n\t\t\t\t\t\t\t\t\t\ttarget=\"_blank\"\n\t\t\t\t\t\t\t\t\t\trel=\"noopener noreferrer nofollow noindex\"\n\t\t\t\t\t\t\t\t\t>\n\t\t\t\t\t\t\t\t\t\tGoogle Kalender\t\t\t\t\t\t\t\t\t<\/a>\n\t\t\t\t\t\t\t\t<\/li>\n\t\t\t\t\t\t\t\t\t\t\t\t\t\t\t<li class=\"tribe-events-c-subscribe-dropdown__list-item\">\n\t\t\t\t\t\t\t\t\t<a\n\t\t\t\t\t\t\t\t\t\thref=\"\"\n\t\t\t\t\t\t\t\t\t\tclass=\"tribe-events-c-subscribe-dropdown__list-item-link\"\n\t\t\t\t\t\t\t\t\t\ttarget=\"_blank\"\n\t\t\t\t\t\t\t\t\t\trel=\"noopener noreferrer nofollow noindex\"\n\t\t\t\t\t\t\t\t\t>\n\t\t\t\t\t\t\t\t\t\tiCalendar\t\t\t\t\t\t\t\t\t<\/a>\n\t\t\t\t\t\t\t\t<\/li>\n\t\t\t\t\t\t\t\t\t\t\t\t\t\t\t<li class=\"tribe-events-c-subscribe-dropdown__list-item\">\n\t\t\t\t\t\t\t\t\t<a\n\t\t\t\t\t\t\t\t\t\thref=\"\"\n\t\t\t\t\t\t\t\t\t\tclass=\"tribe-events-c-subscribe-dropdown__list-item-link\"\n\t\t\t\t\t\t\t\t\t\ttarget=\"_blank\"\n\t\t\t\t\t\t\t\t\t\trel=\"noopener noreferrer nofollow noindex\"\n\t\t\t\t\t\t\t\t\t>\n\t\t\t\t\t\t\t\t\t\tOutlook 365\t\t\t\t\t\t\t\t\t<\/a>\n\t\t\t\t\t\t\t\t<\/li>\n\t\t\t\t\t\t\t\t\t\t\t\t\t\t\t<li class=\"tribe-events-c-subscribe-dropdown__list-item\">\n\t\t\t\t\t\t\t\t\t<a\n\t\t\t\t\t\t\t\t\t\thref=\"\"\n\t\t\t\t\t\t\t\t\t\tclass=\"tribe-events-c-subscribe-dropdown__list-item-link\"\n\t\t\t\t\t\t\t\t\t\ttarget=\"_blank\"\n\t\t\t\t\t\t\t\t\t\trel=\"noopener noreferrer nofollow noindex\"\n\t\t\t\t\t\t\t\t\t>\n\t\t\t\t\t\t\t\t\t\tOutlook Live\t\t\t\t\t\t\t\t\t<\/a>\n\t\t\t\t\t\t\t\t<\/li>\n\t\t\t\t\t\t\t\t\t\t\t\t\t<\/ul>\n\t\t\t\t\t<\/div>\n\t\t\t\t<\/div>\n\t\t\t<\/div>\n\t\t<\/div>\n\t<\/div>\n\n","protected":false},"excerpt":{"rendered":"<p>Die Kritik am Konzept st\u00e4ndigen Wachstums von Produktion und Konsum nimmt in der Wissenschaft stetig zu. In der Politik ist die Wachstumskritik aber noch immer nicht angekommen. Die st\u00e4ndige Steigerung des materiellen Wohlstandes gilt inParlamenten und Regierungen nach wie vor als selbstverst\u00e4ndliches und unverzichtbares Ziel. Der Bildungsreferent und Landesbeauftragte der bayerischen \u00d6DP, Bernhard Suttner aus Windberg (Landkreis Straubing-Bogen), vertritt die &#8230; <a title=\"Wachstum ist das Problem, nicht die L\u00f6sung\" class=\"read-more\" href=\"https:\/\/oedp-la.de\/oedp\/event\/wachstum-ist-das-problem-nicht-die-loesung\/\" aria-label=\"Mehr Informationen \u00fcber Wachstum ist das Problem, nicht die L\u00f6sung\">Read More<\/a><\/p>\n","protected":false},"author":1,"featured_media":19303,"comment_status":"closed","ping_status":"closed","template":"","meta":{"_EventAllDay":false,"_EventTimezone":"Europe\/Berlin","_EventStartDate":"2023-06-20 19:30:00","_EventEndDate":"2023-06-20 21:30:00","_EventStartDateUTC":"2023-06-20 17:30:00","_EventEndDateUTC":"2023-06-20 19:30:00","_EventShowMap":false,"_EventShowMapLink":false,"_EventURL":"","_EventCost":"Kostenlos","_EventCostDescription":"","_EventCurrencySymbol":"\u20ac","_EventCurrencyCode":"EUR","_EventCurrencyPosition":"prefix","_EventDateTimeSeparator":" | ","_EventTimeRangeSeparator":" - ","_EventOrganizerID":[18913],"_EventVenueID":[19176],"_OrganizerEmail":"","_OrganizerPhone":"","_OrganizerWebsite":"","_VenueAddress":"","_VenueCity":"","_VenueCountry":"","_VenueProvince":"","_VenueState":"","_VenueZip":"","_VenuePhone":"","_VenueURL":"","_VenueStateProvince":"","_VenueLat":"","_VenueLng":"","_VenueShowMap":false,"_VenueShowMapLink":false,"_price":"","_stock":"","_tribe_ticket_header":"19295","_tribe_default_ticket_provider":"","_tribe_ticket_capacity":"","_ticket_start_date":"","_ticket_end_date":"","_tribe_ticket_show_description":"","_tribe_ticket_show_not_going":false,"_tribe_ticket_use_global_stock":"","_tribe_ticket_global_stock_level":"","_global_stock_mode":"","_global_stock_cap":"","_tribe_rsvp_for_event":"","_tribe_ticket_going_count":"","_tribe_ticket_not_going_count":"","_tribe_tickets_list":"[]","_tribe_ticket_has_attendee_info_fields":false,"_tribe_events_status":"","_tribe_events_status_reason":"","_tec_slr_enabled":"","_tec_slr_layout":""},"tags":[],"tribe_events_cat":[55],"yoast_head":"<!-- This site is optimized with the Yoast SEO plugin v23.5 - https:\/\/yoast.com\/wordpress\/plugins\/seo\/ -->\n<title>Wachstum ist das Problem, nicht die L\u00f6sung - \u00d6DP Landshut<\/title>\n<meta name=\"description\" content=\"Der Bildungsreferent und Landesbeauftragte der bayerischen \u00d6DP, Bernhard Suttner aus Windberg (Landkreis Straubing-Bogen), vertritt die These, dass weiteres wirtschaftliches Wachstum auch in seiner jetzt propagierten \u201egr\u00fcnen\u201c Ausrichtung nicht nur unn\u00f6tig, sondern vor allem extrem sch\u00e4dlich f\u00fcr den Erhalt der \u00f6kologischen und psychologischen Lebensgrundlagen ist. Er sieht im sog. Wachstum derWirtschaft einen \u201eplanetaren Auszehrungsprozess\u201c, der f\u00fcr die gro\u00dfen Weltprobleme Klima\u00fcberhitzung und Artenverarmung ebenso verantwortlich ist wie f\u00fcr das soziale Elend in gro\u00dfen Teilen des globalen S\u00fcdens.\" \/>\n<meta name=\"robots\" content=\"index, follow, max-snippet:-1, max-image-preview:large, max-video-preview:-1\" \/>\n<link rel=\"canonical\" href=\"https:\/\/oedp-la.de\/oedp\/event\/wachstum-ist-das-problem-nicht-die-loesung\/\" \/>\n<meta property=\"og:locale\" content=\"de_DE\" \/>\n<meta property=\"og:type\" content=\"article\" \/>\n<meta property=\"og:title\" content=\"Wachstum ist das Problem, nicht die L\u00f6sung - \u00d6DP Landshut\" \/>\n<meta property=\"og:description\" content=\"Der Bildungsreferent und Landesbeauftragte der bayerischen \u00d6DP, Bernhard Suttner aus Windberg (Landkreis Straubing-Bogen), vertritt die These, dass weiteres wirtschaftliches Wachstum auch in seiner jetzt propagierten \u201egr\u00fcnen\u201c Ausrichtung nicht nur unn\u00f6tig, sondern vor allem extrem sch\u00e4dlich f\u00fcr den Erhalt der \u00f6kologischen und psychologischen Lebensgrundlagen ist. Er sieht im sog. Wachstum derWirtschaft einen \u201eplanetaren Auszehrungsprozess\u201c, der f\u00fcr die gro\u00dfen Weltprobleme Klima\u00fcberhitzung und Artenverarmung ebenso verantwortlich ist wie f\u00fcr das soziale Elend in gro\u00dfen Teilen des globalen S\u00fcdens.\" \/>\n<meta property=\"og:url\" content=\"https:\/\/oedp-la.de\/oedp\/event\/wachstum-ist-das-problem-nicht-die-loesung\/\" \/>\n<meta property=\"og:site_name\" content=\"\u00d6DP Landshut\" \/>\n<meta property=\"article:publisher\" content=\"https:\/\/www.facebook.com\/oedp.kreisverband.landshut\" \/>\n<meta property=\"article:modified_time\" content=\"2023-06-11T14:45:34+00:00\" \/>\n<meta property=\"og:image\" content=\"https:\/\/oedp-la.de\/oedp\/wp-content\/uploads\/2023\/06\/wachstum-re.jpg\" \/>\n\t<meta property=\"og:image:width\" content=\"1024\" \/>\n\t<meta property=\"og:image:height\" content=\"512\" \/>\n\t<meta property=\"og:image:type\" content=\"image\/jpeg\" \/>\n<meta name=\"twitter:card\" content=\"summary_large_image\" \/>\n<meta name=\"twitter:image\" content=\"https:\/\/oedp-la.de\/oedp\/wp-content\/uploads\/2023\/06\/wachstum-re.jpg\" \/>\n<meta name=\"twitter:site\" content=\"@oedp_landshut\" \/>\n<meta name=\"twitter:label1\" content=\"Gesch\u00e4tzte Lesezeit\" \/>\n\t<meta name=\"twitter:data1\" content=\"2\u00a0Minuten\" \/>\n<script type=\"application\/ld+json\" class=\"yoast-schema-graph\">{\"@context\":\"https:\/\/schema.org\",\"@graph\":[{\"@type\":\"WebPage\",\"@id\":\"https:\/\/oedp-la.de\/oedp\/event\/wachstum-ist-das-problem-nicht-die-loesung\/\",\"url\":\"https:\/\/oedp-la.de\/oedp\/event\/wachstum-ist-das-problem-nicht-die-loesung\/\",\"name\":\"Wachstum ist das Problem, nicht die L\u00f6sung - \u00d6DP Landshut\",\"isPartOf\":{\"@id\":\"https:\/\/oedp-la.de\/oedp\/#website\"},\"primaryImageOfPage\":{\"@id\":\"https:\/\/oedp-la.de\/oedp\/event\/wachstum-ist-das-problem-nicht-die-loesung\/#primaryimage\"},\"image\":{\"@id\":\"https:\/\/oedp-la.de\/oedp\/event\/wachstum-ist-das-problem-nicht-die-loesung\/#primaryimage\"},\"thumbnailUrl\":\"https:\/\/oedp-la.de\/oedp\/wp-content\/uploads\/2023\/06\/wachstum-web.jpg\",\"datePublished\":\"2023-06-11T14:36:24+00:00\",\"dateModified\":\"2023-06-11T14:45:34+00:00\",\"description\":\"Der Bildungsreferent und Landesbeauftragte der bayerischen \u00d6DP, Bernhard Suttner aus Windberg (Landkreis Straubing-Bogen), vertritt die These, dass weiteres wirtschaftliches Wachstum auch in seiner jetzt propagierten \u201egr\u00fcnen\u201c Ausrichtung nicht nur unn\u00f6tig, sondern vor allem extrem sch\u00e4dlich f\u00fcr den Erhalt der \u00f6kologischen und psychologischen Lebensgrundlagen ist. Er sieht im sog. Wachstum derWirtschaft einen \u201eplanetaren Auszehrungsprozess\u201c, der f\u00fcr die gro\u00dfen Weltprobleme Klima\u00fcberhitzung und Artenverarmung ebenso verantwortlich ist wie f\u00fcr das soziale Elend in gro\u00dfen Teilen des globalen S\u00fcdens.\",\"breadcrumb\":{\"@id\":\"https:\/\/oedp-la.de\/oedp\/event\/wachstum-ist-das-problem-nicht-die-loesung\/#breadcrumb\"},\"inLanguage\":\"de\",\"potentialAction\":[{\"@type\":\"ReadAction\",\"target\":[\"https:\/\/oedp-la.de\/oedp\/event\/wachstum-ist-das-problem-nicht-die-loesung\/\"]}]},{\"@type\":\"ImageObject\",\"inLanguage\":\"de\",\"@id\":\"https:\/\/oedp-la.de\/oedp\/event\/wachstum-ist-das-problem-nicht-die-loesung\/#primaryimage\",\"url\":\"https:\/\/oedp-la.de\/oedp\/wp-content\/uploads\/2023\/06\/wachstum-web.jpg\",\"contentUrl\":\"https:\/\/oedp-la.de\/oedp\/wp-content\/uploads\/2023\/06\/wachstum-web.jpg\",\"width\":1920,\"height\":1080},{\"@type\":\"BreadcrumbList\",\"@id\":\"https:\/\/oedp-la.de\/oedp\/event\/wachstum-ist-das-problem-nicht-die-loesung\/#breadcrumb\",\"itemListElement\":[{\"@type\":\"ListItem\",\"position\":1,\"name\":\"Startseite\",\"item\":\"https:\/\/oedp-la.de\/oedp\/\"},{\"@type\":\"ListItem\",\"position\":2,\"name\":\"Veranstaltungen\",\"item\":\"https:\/\/oedp-la.de\/oedp\/events\/\"},{\"@type\":\"ListItem\",\"position\":3,\"name\":\"Wachstum ist das Problem, nicht die L\u00f6sung\"}]},{\"@type\":\"WebSite\",\"@id\":\"https:\/\/oedp-la.de\/oedp\/#website\",\"url\":\"https:\/\/oedp-la.de\/oedp\/\",\"name\":\"\u00d6DP Landshut\",\"description\":\"Das Wiederfinden des menschlichen Ma\u00dfes, die Vers\u00f6hnung von \u00d6kologie und \u00d6konomie und die F\u00f6rderung demokratischer und transparenter Strukturen sind Kernanliegen der \u00d6DP, die wir seit vielen Jahren in den kommunalen Parlamenten und au\u00dferhalb \u00fcber Petitionen, B\u00fcrger- und Volksbegehren versuchen umzusetzen...\",\"publisher\":{\"@id\":\"https:\/\/oedp-la.de\/oedp\/#organization\"},\"potentialAction\":[{\"@type\":\"SearchAction\",\"target\":{\"@type\":\"EntryPoint\",\"urlTemplate\":\"https:\/\/oedp-la.de\/oedp\/?s={search_term_string}\"},\"query-input\":{\"@type\":\"PropertyValueSpecification\",\"valueRequired\":true,\"valueName\":\"search_term_string\"}}],\"inLanguage\":\"de\"},{\"@type\":\"Organization\",\"@id\":\"https:\/\/oedp-la.de\/oedp\/#organization\",\"name\":\"\u00d6DP Landshut\",\"url\":\"https:\/\/oedp-la.de\/oedp\/\",\"logo\":{\"@type\":\"ImageObject\",\"inLanguage\":\"de\",\"@id\":\"https:\/\/oedp-la.de\/oedp\/#\/schema\/logo\/image\/\",\"url\":\"https:\/\/oedp-la.de\/oedp\/wp-content\/uploads\/2022\/05\/cropped-cropped-oedplogo150x150.png\",\"contentUrl\":\"https:\/\/oedp-la.de\/oedp\/wp-content\/uploads\/2022\/05\/cropped-cropped-oedplogo150x150.png\",\"width\":150,\"height\":150,\"caption\":\"\u00d6DP Landshut\"},\"image\":{\"@id\":\"https:\/\/oedp-la.de\/oedp\/#\/schema\/logo\/image\/\"},\"sameAs\":[\"https:\/\/www.facebook.com\/oedp.kreisverband.landshut\",\"https:\/\/x.com\/oedp_landshut\"]}]}<\/script>\n<!-- \/ Yoast SEO plugin. -->","yoast_head_json":{"title":"Wachstum ist das Problem, nicht die L\u00f6sung - \u00d6DP Landshut","description":"Der Bildungsreferent und Landesbeauftragte der bayerischen \u00d6DP, Bernhard Suttner aus Windberg (Landkreis Straubing-Bogen), vertritt die These, dass weiteres wirtschaftliches Wachstum auch in seiner jetzt propagierten \u201egr\u00fcnen\u201c Ausrichtung nicht nur unn\u00f6tig, sondern vor allem extrem sch\u00e4dlich f\u00fcr den Erhalt der \u00f6kologischen und psychologischen Lebensgrundlagen ist. Er sieht im sog. Wachstum derWirtschaft einen \u201eplanetaren Auszehrungsprozess\u201c, der f\u00fcr die gro\u00dfen Weltprobleme Klima\u00fcberhitzung und Artenverarmung ebenso verantwortlich ist wie f\u00fcr das soziale Elend in gro\u00dfen Teilen des globalen S\u00fcdens.","robots":{"index":"index","follow":"follow","max-snippet":"max-snippet:-1","max-image-preview":"max-image-preview:large","max-video-preview":"max-video-preview:-1"},"canonical":"https:\/\/oedp-la.de\/oedp\/event\/wachstum-ist-das-problem-nicht-die-loesung\/","og_locale":"de_DE","og_type":"article","og_title":"Wachstum ist das Problem, nicht die L\u00f6sung - \u00d6DP Landshut","og_description":"Der Bildungsreferent und Landesbeauftragte der bayerischen \u00d6DP, Bernhard Suttner aus Windberg (Landkreis Straubing-Bogen), vertritt die These, dass weiteres wirtschaftliches Wachstum auch in seiner jetzt propagierten \u201egr\u00fcnen\u201c Ausrichtung nicht nur unn\u00f6tig, sondern vor allem extrem sch\u00e4dlich f\u00fcr den Erhalt der \u00f6kologischen und psychologischen Lebensgrundlagen ist. Er sieht im sog. Wachstum derWirtschaft einen \u201eplanetaren Auszehrungsprozess\u201c, der f\u00fcr die gro\u00dfen Weltprobleme Klima\u00fcberhitzung und Artenverarmung ebenso verantwortlich ist wie f\u00fcr das soziale Elend in gro\u00dfen Teilen des globalen S\u00fcdens.","og_url":"https:\/\/oedp-la.de\/oedp\/event\/wachstum-ist-das-problem-nicht-die-loesung\/","og_site_name":"\u00d6DP Landshut","article_publisher":"https:\/\/www.facebook.com\/oedp.kreisverband.landshut","article_modified_time":"2023-06-11T14:45:34+00:00","og_image":[{"width":1024,"height":512,"url":"https:\/\/oedp-la.de\/oedp\/wp-content\/uploads\/2023\/06\/wachstum-re.jpg","type":"image\/jpeg"}],"twitter_card":"summary_large_image","twitter_image":"https:\/\/oedp-la.de\/oedp\/wp-content\/uploads\/2023\/06\/wachstum-re.jpg","twitter_site":"@oedp_landshut","twitter_misc":{"Gesch\u00e4tzte Lesezeit":"2\u00a0Minuten"},"schema":{"@context":"https:\/\/schema.org","@graph":[{"@type":"WebPage","@id":"https:\/\/oedp-la.de\/oedp\/event\/wachstum-ist-das-problem-nicht-die-loesung\/","url":"https:\/\/oedp-la.de\/oedp\/event\/wachstum-ist-das-problem-nicht-die-loesung\/","name":"Wachstum ist das Problem, nicht die L\u00f6sung - \u00d6DP Landshut","isPartOf":{"@id":"https:\/\/oedp-la.de\/oedp\/#website"},"primaryImageOfPage":{"@id":"https:\/\/oedp-la.de\/oedp\/event\/wachstum-ist-das-problem-nicht-die-loesung\/#primaryimage"},"image":{"@id":"https:\/\/oedp-la.de\/oedp\/event\/wachstum-ist-das-problem-nicht-die-loesung\/#primaryimage"},"thumbnailUrl":"https:\/\/oedp-la.de\/oedp\/wp-content\/uploads\/2023\/06\/wachstum-web.jpg","datePublished":"2023-06-11T14:36:24+00:00","dateModified":"2023-06-11T14:45:34+00:00","description":"Der Bildungsreferent und Landesbeauftragte der bayerischen \u00d6DP, Bernhard Suttner aus Windberg (Landkreis Straubing-Bogen), vertritt die These, dass weiteres wirtschaftliches Wachstum auch in seiner jetzt propagierten \u201egr\u00fcnen\u201c Ausrichtung nicht nur unn\u00f6tig, sondern vor allem extrem sch\u00e4dlich f\u00fcr den Erhalt der \u00f6kologischen und psychologischen Lebensgrundlagen ist. Er sieht im sog. Wachstum derWirtschaft einen \u201eplanetaren Auszehrungsprozess\u201c, der f\u00fcr die gro\u00dfen Weltprobleme Klima\u00fcberhitzung und Artenverarmung ebenso verantwortlich ist wie f\u00fcr das soziale Elend in gro\u00dfen Teilen des globalen S\u00fcdens.","breadcrumb":{"@id":"https:\/\/oedp-la.de\/oedp\/event\/wachstum-ist-das-problem-nicht-die-loesung\/#breadcrumb"},"inLanguage":"de","potentialAction":[{"@type":"ReadAction","target":["https:\/\/oedp-la.de\/oedp\/event\/wachstum-ist-das-problem-nicht-die-loesung\/"]}]},{"@type":"ImageObject","inLanguage":"de","@id":"https:\/\/oedp-la.de\/oedp\/event\/wachstum-ist-das-problem-nicht-die-loesung\/#primaryimage","url":"https:\/\/oedp-la.de\/oedp\/wp-content\/uploads\/2023\/06\/wachstum-web.jpg","contentUrl":"https:\/\/oedp-la.de\/oedp\/wp-content\/uploads\/2023\/06\/wachstum-web.jpg","width":1920,"height":1080},{"@type":"BreadcrumbList","@id":"https:\/\/oedp-la.de\/oedp\/event\/wachstum-ist-das-problem-nicht-die-loesung\/#breadcrumb","itemListElement":[{"@type":"ListItem","position":1,"name":"Startseite","item":"https:\/\/oedp-la.de\/oedp\/"},{"@type":"ListItem","position":2,"name":"Veranstaltungen","item":"https:\/\/oedp-la.de\/oedp\/events\/"},{"@type":"ListItem","position":3,"name":"Wachstum ist das Problem, nicht die L\u00f6sung"}]},{"@type":"WebSite","@id":"https:\/\/oedp-la.de\/oedp\/#website","url":"https:\/\/oedp-la.de\/oedp\/","name":"\u00d6DP Landshut","description":"Das Wiederfinden des menschlichen Ma\u00dfes, die Vers\u00f6hnung von \u00d6kologie und \u00d6konomie und die F\u00f6rderung demokratischer und transparenter Strukturen sind Kernanliegen der \u00d6DP, die wir seit vielen Jahren in den kommunalen Parlamenten und au\u00dferhalb \u00fcber Petitionen, B\u00fcrger- und Volksbegehren versuchen umzusetzen...","publisher":{"@id":"https:\/\/oedp-la.de\/oedp\/#organization"},"potentialAction":[{"@type":"SearchAction","target":{"@type":"EntryPoint","urlTemplate":"https:\/\/oedp-la.de\/oedp\/?s={search_term_string}"},"query-input":{"@type":"PropertyValueSpecification","valueRequired":true,"valueName":"search_term_string"}}],"inLanguage":"de"},{"@type":"Organization","@id":"https:\/\/oedp-la.de\/oedp\/#organization","name":"\u00d6DP Landshut","url":"https:\/\/oedp-la.de\/oedp\/","logo":{"@type":"ImageObject","inLanguage":"de","@id":"https:\/\/oedp-la.de\/oedp\/#\/schema\/logo\/image\/","url":"https:\/\/oedp-la.de\/oedp\/wp-content\/uploads\/2022\/05\/cropped-cropped-oedplogo150x150.png","contentUrl":"https:\/\/oedp-la.de\/oedp\/wp-content\/uploads\/2022\/05\/cropped-cropped-oedplogo150x150.png","width":150,"height":150,"caption":"\u00d6DP Landshut"},"image":{"@id":"https:\/\/oedp-la.de\/oedp\/#\/schema\/logo\/image\/"},"sameAs":["https:\/\/www.facebook.com\/oedp.kreisverband.landshut","https:\/\/x.com\/oedp_landshut"]}]}},"ticketed":["rsvp"],"_links":{"self":[{"href":"https:\/\/oedp-la.de\/oedp\/wp-json\/wp\/v2\/tribe_events\/19293"}],"collection":[{"href":"https:\/\/oedp-la.de\/oedp\/wp-json\/wp\/v2\/tribe_events"}],"about":[{"href":"https:\/\/oedp-la.de\/oedp\/wp-json\/wp\/v2\/types\/tribe_events"}],"author":[{"embeddable":true,"href":"https:\/\/oedp-la.de\/oedp\/wp-json\/wp\/v2\/users\/1"}],"replies":[{"embeddable":true,"href":"https:\/\/oedp-la.de\/oedp\/wp-json\/wp\/v2\/comments?post=19293"}],"version-history":[{"count":6,"href":"https:\/\/oedp-la.de\/oedp\/wp-json\/wp\/v2\/tribe_events\/19293\/revisions"}],"predecessor-version":[{"id":19325,"href":"https:\/\/oedp-la.de\/oedp\/wp-json\/wp\/v2\/tribe_events\/19293\/revisions\/19325"}],"wp:featuredmedia":[{"embeddable":true,"href":"https:\/\/oedp-la.de\/oedp\/wp-json\/wp\/v2\/media\/19303"}],"wp:attachment":[{"href":"https:\/\/oedp-la.de\/oedp\/wp-json\/wp\/v2\/media?parent=19293"}],"wp:term":[{"taxonomy":"post_tag","embeddable":true,"href":"https:\/\/oedp-la.de\/oedp\/wp-json\/wp\/v2\/tags?post=19293"},{"taxonomy":"tribe_events_cat","embeddable":true,"href":"https:\/\/oedp-la.de\/oedp\/wp-json\/wp\/v2\/tribe_events_cat?post=19293"}],"curies":[{"name":"wp","href":"https:\/\/api.w.org\/{rel}","templated":true}]}}